{"id":11698,"date":"2023-03-29T15:13:32","date_gmt":"2023-03-29T13:13:32","guid":{"rendered":"https:\/\/www.alpacacamping.de\/content\/?page_id=11698"},"modified":"2025-01-28T10:18:38","modified_gmt":"2025-01-28T09:18:38","slug":"foerdermitglieder","status":"publish","type":"page","link":"https:\/\/www.alpacacamping.de\/content\/foerdermitglieder\/","title":{"rendered":"F\u00f6rdermitglieder"},"content":{"rendered":"\n<div class=\"wp-block-cover alignfull is-light is-position-center-center\" style=\"min-height:355px\"><span aria-hidden=\"true\" class=\"wp-block-cover__background has-background-dim-40 has-background-dim\"><\/span><img loading=\"lazy\" width=\"2560\" height=\"1707\" class=\"wp-block-cover__image-background wp-image-11712\" alt=\"\" src=\"https:\/\/www.alpacacamping.de\/content\/wp-content\/uploads\/2023\/03\/artur-luczka-loAfOVk1eNc-unsplash-min-scaled.jpg\" style=\"object-position:45% 0%\" data-object-fit=\"cover\" data-object-position=\"45% 0%\" srcset=\"https:\/\/www.alpacacamping.de\/content\/wp-content\/uploads\/2023\/03\/artur-luczka-loAfOVk1eNc-unsplash-min-scaled.jpg 2560w, https:\/\/www.alpacacamping.de\/content\/wp-content\/uploads\/2023\/03\/artur-luczka-loAfOVk1eNc-unsplash-min-300x200.jpg 300w, https:\/\/www.alpacacamping.de\/content\/wp-content\/uploads\/2023\/03\/artur-luczka-loAfOVk1eNc-unsplash-min-1024x683.jpg 1024w, https:\/\/www.alpacacamping.de\/content\/wp-content\/uploads\/2023\/03\/artur-luczka-loAfOVk1eNc-unsplash-min-768x512.jpg 768w, https:\/\/www.alpacacamping.de\/content\/wp-content\/uploads\/2023\/03\/artur-luczka-loAfOVk1eNc-unsplash-min-1536x1024.jpg 1536w, https:\/\/www.alpacacamping.de\/content\/wp-content\/uploads\/2023\/03\/artur-luczka-loAfOVk1eNc-unsplash-min-2048x1365.jpg 2048w, https:\/\/www.alpacacamping.de\/content\/wp-content\/uploads\/2023\/03\/artur-luczka-loAfOVk1eNc-unsplash-min-938x625.jpg 938w, https:\/\/www.alpacacamping.de\/content\/wp-content\/uploads\/2023\/03\/artur-luczka-loAfOVk1eNc-unsplash-min-1130x753.jpg 1130w\" sizes=\"(max-width: 2560px) 100vw, 2560px\"><div class=\"wp-block-cover__inner-container\">\n<h1 class=\"has-light-blue-color has-text-color\">Gemeinsam f&uuml;r gr&uuml;nes Stellplatz-Wachstum<\/h1>\n\n\n\n<h2 class=\"has-light-blue-color has-text-color\" style=\"font-size:25px\">Unsere exklusiven F&ouml;rdermitglieder unterst&uuml;tzen uns dabei, unser Angebot f&uuml;r dich zu optimieren!<\/h2>\n<\/div><\/div>\n\n\n\n<p>Um jedem von euch das Camping auf besonderen Stellpl&auml;tzen im Gr&uuml;nen zu erm&ouml;glichen, haben wir uns mit einigen F&ouml;rdermitgliedern zusammengeschlossen. Diese unterst&uuml;tzen uns dabei, die Stellplatzkapazit&auml;ten weiter auszubauen und so Engp&auml;ssen entgegenzuwirken. <\/p>\n\n\n\n<div class=\"wp-block-media-text alignwide has-media-on-the-right is-stacked-on-mobile\" style=\"grid-template-columns:auto 36%\"><figure class=\"wp-block-media-text__media\"><img loading=\"lazy\" width=\"1024\" height=\"576\" src=\"https:\/\/www.alpacacamping.de\/content\/wp-content\/uploads\/2023\/04\/Advertiorial-AlpacaCamping-Beitragsbild-1024x576.jpg\" alt=\"\" class=\"wp-image-12334 size-full\" srcset=\"https:\/\/www.alpacacamping.de\/content\/wp-content\/uploads\/2023\/04\/Advertiorial-AlpacaCamping-Beitragsbild-1024x576.jpg 1024w, https:\/\/www.alpacacamping.de\/content\/wp-content\/uploads\/2023\/04\/Advertiorial-AlpacaCamping-Beitragsbild-300x169.jpg 300w, https:\/\/www.alpacacamping.de\/content\/wp-content\/uploads\/2023\/04\/Advertiorial-AlpacaCamping-Beitragsbild-768x432.jpg 768w, https:\/\/www.alpacacamping.de\/content\/wp-content\/uploads\/2023\/04\/Advertiorial-AlpacaCamping-Beitragsbild-1536x864.jpg 1536w, https:\/\/www.alpacacamping.de\/content\/wp-content\/uploads\/2023\/04\/Advertiorial-AlpacaCamping-Beitragsbild-938x528.jpg 938w, https:\/\/www.alpacacamping.de\/content\/wp-content\/uploads\/2023\/04\/Advertiorial-AlpacaCamping-Beitragsbild-1130x636.jpg 1130w, https:\/\/www.alpacacamping.de\/content\/wp-content\/uploads\/2023\/04\/Advertiorial-AlpacaCamping-Beitragsbild.jpg 1600w\" sizes=\"(max-width: 1024px) 100vw, 1024px\"><\/figure><div class=\"wp-block-media-text__content\">\n<blockquote class=\"wp-block-quote\"><p>Gemeinsam m&ouml;chten wir allen Campern &ndash; ob gro&szlig;es Wohnwagengespann, Wohnmobil oder kleiner Van &ndash; das Campen auf gr&uuml;nen, nachhaltigen Pl&auml;tzen erm&ouml;glichen. Ganz ohne bauliche Ma&szlig;nahmen!<\/p><cite>&ndash; Dominik Quambusch von AlpacaCamping<\/cite><\/blockquote>\n<\/div><\/div>\n\n\n\n<div class=\"wp-block-media-text alignwide is-stacked-on-mobile\" style=\"grid-template-columns:29% auto\"><figure class=\"wp-block-media-text__media\"><img loading=\"lazy\" width=\"500\" height=\"500\" src=\"https:\/\/www.alpacacamping.de\/content\/wp-content\/uploads\/2023\/03\/Fo%CC%88rdermitglied.png\" alt=\"\" class=\"wp-image-11713 size-full\" srcset=\"https:\/\/www.alpacacamping.de\/content\/wp-content\/uploads\/2023\/03\/Fo&#776;rdermitglied.png 500w, https:\/\/www.alpacacamping.de\/content\/wp-content\/uploads\/2023\/03\/Fo&#776;rdermitglied-300x300.png 300w, https:\/\/www.alpacacamping.de\/content\/wp-content\/uploads\/2023\/03\/Fo&#776;rdermitglied-150x150.png 150w\" sizes=\"(max-width: 500px) 100vw, 500px\"><\/figure><div class=\"wp-block-media-text__content\">\n<h2>Gemeinsam f&ouml;rdern wir:<\/h2>\n\n\n\n<p>&#9989; Stellpl&auml;tze, ganz ohne bauliche Ma&szlig;nahmen und Investitionen<\/p>\n\n\n\n<p>&#9989; Heimatnahen, lokalen Tourismus f&uuml;r Jeden<\/p>\n\n\n\n<p>&#9989; Campen, wie du es sonst nur von Werbebildern kennst<\/p>\n\n\n\n<p>&#9989; Eine Alternative zur Naturbelastung durch Wildcamping<\/p>\n\n\n\n<p>&#9989; Die direkte Unterst&uuml;tzung lokaler Anbieter<\/p>\n<\/div><\/div>\n\n\n\n<div style=\"height:30px\" aria-hidden=\"true\" class=\"wp-block-spacer\"><\/div>\n\n\n\n<h2 class=\"has-text-align-center\">Lerne unsere F&ouml;rdermitglieder kennen:<\/h2>\n\n\n\n<div class=\"wp-block-getwid-banner has-animation-style4 has-text-animation-opacity-bottom has-vertical-alignment-bottom has-horizontal-alignment-left\"><a href=\"https:\/\/www.fendt-caravan.com\/index.html\" target=\"_blank\" rel=\"noreferrer noopener\" class=\"wp-block-getwid-banner__link\"><div class=\"wp-block-getwid-banner__wrapper\"><img loading=\"lazy\" width=\"1773\" height=\"1182\" src=\"https:\/\/www.alpacacamping.de\/content\/wp-content\/uploads\/2022\/08\/fendt-caravan-logo-4C.jpg\" alt=\"\" class=\"wp-block-getwid-banner__image wp-block-getwid-banner__source wp-image-3687\" srcset=\"https:\/\/www.alpacacamping.de\/content\/wp-content\/uploads\/2022\/08\/fendt-caravan-logo-4C.jpg 1773w, https:\/\/www.alpacacamping.de\/content\/wp-content\/uploads\/2022\/08\/fendt-caravan-logo-4C-300x200.jpg 300w, https:\/\/www.alpacacamping.de\/content\/wp-content\/uploads\/2022\/08\/fendt-caravan-logo-4C-1024x683.jpg 1024w, https:\/\/www.alpacacamping.de\/content\/wp-content\/uploads\/2022\/08\/fendt-caravan-logo-4C-768x512.jpg 768w, https:\/\/www.alpacacamping.de\/content\/wp-content\/uploads\/2022\/08\/fendt-caravan-logo-4C-1536x1024.jpg 1536w, https:\/\/www.alpacacamping.de\/content\/wp-content\/uploads\/2022\/08\/fendt-caravan-logo-4C-938x625.jpg 938w, https:\/\/www.alpacacamping.de\/content\/wp-content\/uploads\/2022\/08\/fendt-caravan-logo-4C-1130x753.jpg 1130w\" sizes=\"(max-width: 1773px) 100vw, 1773px\"><div class=\"wp-block-getwid-banner__caption\"><div class=\"wp-block-getwid-banner__caption-wrapper\"><span class=\"wp-block-getwid-banner__title\">Fendt Caravan<\/span><p class=\"wp-block-getwid-banner__text\">Wohnwagen<\/p><\/div><\/div><\/div><\/a><\/div>\n\n\n\n<div class=\"wp-block-media-text alignwide is-stacked-on-mobile\" style=\"grid-template-columns:39% auto\"><figure class=\"wp-block-media-text__media\"><img loading=\"lazy\" width=\"1024\" height=\"683\" src=\"https:\/\/www.alpacacamping.de\/content\/wp-content\/uploads\/2023\/03\/Thomas-Kamm-1024x683.jpg\" alt=\"\" class=\"wp-image-11807 size-full\" srcset=\"https:\/\/www.alpacacamping.de\/content\/wp-content\/uploads\/2023\/03\/Thomas-Kamm-1024x683.jpg 1024w, https:\/\/www.alpacacamping.de\/content\/wp-content\/uploads\/2023\/03\/Thomas-Kamm-300x200.jpg 300w, https:\/\/www.alpacacamping.de\/content\/wp-content\/uploads\/2023\/03\/Thomas-Kamm-768x512.jpg 768w, https:\/\/www.alpacacamping.de\/content\/wp-content\/uploads\/2023\/03\/Thomas-Kamm-1536x1024.jpg 1536w, https:\/\/www.alpacacamping.de\/content\/wp-content\/uploads\/2023\/03\/Thomas-Kamm-2048x1366.jpg 2048w, https:\/\/www.alpacacamping.de\/content\/wp-content\/uploads\/2023\/03\/Thomas-Kamm-938x625.jpg 938w, https:\/\/www.alpacacamping.de\/content\/wp-content\/uploads\/2023\/03\/Thomas-Kamm-1130x753.jpg 1130w\" sizes=\"(max-width: 1024px) 100vw, 1024px\"><\/figure><div class=\"wp-block-media-text__content\">\n<blockquote class=\"wp-block-quote\"><p><em>Hier haben endlich auch Wohnwagenfahrer ein ad&auml;quates Zuhause gefunden und finden nachhaltige Stellpl&auml;tze f&uuml;r Gespanne. Diese Sache unterst&uuml;tzen wir gerne, f&uuml;r jeden Fendt-Caravan Kunden und alle Camper<\/em>.<\/p><cite>&ndash; Thomas Kamm von Fendt-Caravan<\/cite><\/blockquote>\n<\/div><\/div>\n\n\n\n<div class=\"wp-block-getwid-banner has-animation-style4 has-text-animation-opacity-bottom has-vertical-alignment-bottom has-horizontal-alignment-left\"><a href=\"https:\/\/www.malibu-carthago.com\/\" target=\"_blank\" rel=\"noreferrer noopener\" class=\"wp-block-getwid-banner__link\"><div class=\"wp-block-getwid-banner__wrapper\"><img loading=\"lazy\" width=\"890\" height=\"264\" src=\"https:\/\/www.alpacacamping.de\/content\/wp-content\/uploads\/2023\/04\/Design-ohne-Titel-12.jpg\" alt=\"\" class=\"wp-block-getwid-banner__image wp-block-getwid-banner__source wp-image-12011\" srcset=\"https:\/\/www.alpacacamping.de\/content\/wp-content\/uploads\/2023\/04\/Design-ohne-Titel-12.jpg 890w, https:\/\/www.alpacacamping.de\/content\/wp-content\/uploads\/2023\/04\/Design-ohne-Titel-12-300x89.jpg 300w, https:\/\/www.alpacacamping.de\/content\/wp-content\/uploads\/2023\/04\/Design-ohne-Titel-12-768x228.jpg 768w\" sizes=\"(max-width: 890px) 100vw, 890px\"><div class=\"wp-block-getwid-banner__caption\"><div class=\"wp-block-getwid-banner__caption-wrapper\"><span class=\"wp-block-getwid-banner__title\">Malibu <\/span><p class=\"wp-block-getwid-banner__text\">Vans &amp; Reisemobile<\/p><\/div><\/div><\/div><\/a><\/div>\n\n\n\n<div class=\"wp-block-media-text alignwide has-media-on-the-right is-stacked-on-mobile\" style=\"grid-template-columns:auto 26%\"><figure class=\"wp-block-media-text__media\"><img loading=\"lazy\" width=\"682\" height=\"1024\" src=\"https:\/\/www.alpacacamping.de\/content\/wp-content\/uploads\/2023\/03\/alexander_wehrmann_portrait-682x1024.webp\" alt=\"\" class=\"wp-image-11706 size-full\"><\/figure><div class=\"wp-block-media-text__content\">\n<p><\/p>\n\n\n\n<blockquote class=\"wp-block-quote\"><p><em>Wir als Hersteller d&uuml;rfen den wachsenden Bedarf an notwendiger Infrastruktur nicht aus den Augen lassen. Das Ziel unserer Zusammenarbeit besteht darin, die Stellplatzlandschaft f&uuml;r unsere Kunden nachhaltig zu erweitern und zu verbessern.<\/em><\/p><cite>&ndash; Alexander Wehrmann von Malibu<\/cite><\/blockquote>\n<\/div><\/div>\n","protected":false},"excerpt":{"rendered":"<p>Um jedem von euch das Camping auf besonderen Stellpl\u00e4tzen im Gr\u00fcnen zu erm\u00f6glichen, haben wir uns mit einigen F\u00f6rdermitgliedern zusammengeschlossen. Diese unterst\u00fctzen uns dabei, die [&hellip;]<\/p>\n","protected":false},"author":1,"featured_media":0,"parent":0,"menu_order":0,"comment_status":"closed","ping_status":"closed","template":"","meta":[],"categories":[],"acf":[],"yoast_head":"<!-- This site is optimized with the Yoast SEO plugin v19.1 - https:\/\/yoast.com\/wordpress\/plugins\/seo\/ -->\n<title>Unsere F\u00f6rdermitglieder | AlpacaCamping ?<\/title>\n<meta name=\"description\" content=\"Entdecke unsere exklusiven F\u00f6rdermitglieder ? Gemeinsam setzen wir uns f\u00fcr gr\u00fcnes, nachhaltiges Stellplatzwachstum ein! ?\" \/>\n<meta name=\"robots\" content=\"noindex, follow\" \/>\n<meta property=\"og:locale\" content=\"de_DE\" \/>\n<meta property=\"og:type\" content=\"article\" \/>\n<meta property=\"og:title\" content=\"Unsere F\u00f6rdermitglieder | AlpacaCamping ?\" \/>\n<meta property=\"og:description\" content=\"Entdecke unsere exklusiven F\u00f6rdermitglieder ? Gemeinsam setzen wir uns f\u00fcr gr\u00fcnes, nachhaltiges Stellplatzwachstum ein! ?\" \/>\n<meta property=\"og:url\" content=\"https:\/\/www.alpacacamping.de\/content\/foerdermitglieder\/\" \/>\n<meta property=\"og:site_name\" content=\"AlpacaCamping\" \/>\n<meta property=\"article:modified_time\" content=\"2025-01-28T09:18:38+00:00\" \/>\n<meta property=\"og:image\" content=\"https:\/\/www.alpacacamping.de\/content\/wp-content\/uploads\/2023\/03\/artur-luczka-loAfOVk1eNc-unsplash-min-scaled.jpg\" \/>\n<meta name=\"twitter:card\" content=\"summary_large_image\" \/>\n<meta name=\"twitter:label1\" content=\"Gesch\u00e4tzte Lesezeit\" \/>\n\t<meta name=\"twitter:data1\" content=\"3\u00a0Minuten\" \/>\n<script type=\"application\/ld+json\" class=\"yoast-schema-graph\">{\"@context\":\"https:\/\/schema.org\",\"@graph\":[{\"@type\":\"WebSite\",\"@id\":\"https:\/\/www.alpacacamping.de\/content\/#website\",\"url\":\"https:\/\/www.alpacacamping.de\/content\/\",\"name\":\"AlpacaCamping\",\"description\":\"Camping Stellpl\u00e4tze \u00fcberall buchen.\",\"potentialAction\":[{\"@type\":\"SearchAction\",\"target\":{\"@type\":\"EntryPoint\",\"urlTemplate\":\"https:\/\/www.alpacacamping.de\/content\/?s={search_term_string}\"},\"query-input\":\"required name=search_term_string\"}],\"inLanguage\":\"de\"},{\"@type\":\"ImageObject\",\"inLanguage\":\"de\",\"@id\":\"https:\/\/www.alpacacamping.de\/content\/foerdermitglieder\/#primaryimage\",\"url\":\"https:\/\/www.alpacacamping.de\/content\/wp-content\/uploads\/2023\/03\/artur-luczka-loAfOVk1eNc-unsplash-min-scaled.jpg\",\"contentUrl\":\"https:\/\/www.alpacacamping.de\/content\/wp-content\/uploads\/2023\/03\/artur-luczka-loAfOVk1eNc-unsplash-min-scaled.jpg\",\"width\":2560,\"height\":1707},{\"@type\":\"WebPage\",\"@id\":\"https:\/\/www.alpacacamping.de\/content\/foerdermitglieder\/#webpage\",\"url\":\"https:\/\/www.alpacacamping.de\/content\/foerdermitglieder\/\",\"name\":\"Unsere F\u00f6rdermitglieder | AlpacaCamping ?\",\"isPartOf\":{\"@id\":\"https:\/\/www.alpacacamping.de\/content\/#website\"},\"primaryImageOfPage\":{\"@id\":\"https:\/\/www.alpacacamping.de\/content\/foerdermitglieder\/#primaryimage\"},\"datePublished\":\"2023-03-29T13:13:32+00:00\",\"dateModified\":\"2025-01-28T09:18:38+00:00\",\"description\":\"Entdecke unsere exklusiven F\u00f6rdermitglieder ? Gemeinsam setzen wir uns f\u00fcr gr\u00fcnes, nachhaltiges Stellplatzwachstum ein! ?\",\"breadcrumb\":{\"@id\":\"https:\/\/www.alpacacamping.de\/content\/foerdermitglieder\/#breadcrumb\"},\"inLanguage\":\"de\",\"potentialAction\":[{\"@type\":\"ReadAction\",\"target\":[\"https:\/\/www.alpacacamping.de\/content\/foerdermitglieder\/\"]}]},{\"@type\":\"BreadcrumbList\",\"@id\":\"https:\/\/www.alpacacamping.de\/content\/foerdermitglieder\/#breadcrumb\",\"itemListElement\":[{\"@type\":\"ListItem\",\"position\":1,\"name\":\"Home\",\"item\":\"https:\/\/www.alpacacamping.de\/content\/\"},{\"@type\":\"ListItem\",\"position\":2,\"name\":\"F\u00f6rdermitglieder\"}]}]}<\/script>\n<!-- \/ Yoast SEO plugin. -->","yoast_head_json":{"title":"Unsere F\u00f6rdermitglieder | AlpacaCamping ?","description":"Entdecke unsere exklusiven F\u00f6rdermitglieder ? Gemeinsam setzen wir uns f\u00fcr gr\u00fcnes, nachhaltiges Stellplatzwachstum ein! ?","robots":{"index":"noindex","follow":"follow"},"og_locale":"de_DE","og_type":"article","og_title":"Unsere F\u00f6rdermitglieder | AlpacaCamping ?","og_description":"Entdecke unsere exklusiven F\u00f6rdermitglieder ? Gemeinsam setzen wir uns f\u00fcr gr\u00fcnes, nachhaltiges Stellplatzwachstum ein! ?","og_url":"https:\/\/www.alpacacamping.de\/content\/foerdermitglieder\/","og_site_name":"AlpacaCamping","article_modified_time":"2025-01-28T09:18:38+00:00","og_image":[{"url":"https:\/\/www.alpacacamping.de\/content\/wp-content\/uploads\/2023\/03\/artur-luczka-loAfOVk1eNc-unsplash-min-scaled.jpg"}],"twitter_card":"summary_large_image","twitter_misc":{"Gesch\u00e4tzte Lesezeit":"3\u00a0Minuten"},"schema":{"@context":"https:\/\/schema.org","@graph":[{"@type":"WebSite","@id":"https:\/\/www.alpacacamping.de\/content\/#website","url":"https:\/\/www.alpacacamping.de\/content\/","name":"AlpacaCamping","description":"Camping Stellpl\u00e4tze \u00fcberall buchen.","potentialAction":[{"@type":"SearchAction","target":{"@type":"EntryPoint","urlTemplate":"https:\/\/www.alpacacamping.de\/content\/?s={search_term_string}"},"query-input":"required name=search_term_string"}],"inLanguage":"de"},{"@type":"ImageObject","inLanguage":"de","@id":"https:\/\/www.alpacacamping.de\/content\/foerdermitglieder\/#primaryimage","url":"https:\/\/www.alpacacamping.de\/content\/wp-content\/uploads\/2023\/03\/artur-luczka-loAfOVk1eNc-unsplash-min-scaled.jpg","contentUrl":"https:\/\/www.alpacacamping.de\/content\/wp-content\/uploads\/2023\/03\/artur-luczka-loAfOVk1eNc-unsplash-min-scaled.jpg","width":2560,"height":1707},{"@type":"WebPage","@id":"https:\/\/www.alpacacamping.de\/content\/foerdermitglieder\/#webpage","url":"https:\/\/www.alpacacamping.de\/content\/foerdermitglieder\/","name":"Unsere F\u00f6rdermitglieder | AlpacaCamping ?","isPartOf":{"@id":"https:\/\/www.alpacacamping.de\/content\/#website"},"primaryImageOfPage":{"@id":"https:\/\/www.alpacacamping.de\/content\/foerdermitglieder\/#primaryimage"},"datePublished":"2023-03-29T13:13:32+00:00","dateModified":"2025-01-28T09:18:38+00:00","description":"Entdecke unsere exklusiven F\u00f6rdermitglieder ? Gemeinsam setzen wir uns f\u00fcr gr\u00fcnes, nachhaltiges Stellplatzwachstum ein! ?","breadcrumb":{"@id":"https:\/\/www.alpacacamping.de\/content\/foerdermitglieder\/#breadcrumb"},"inLanguage":"de","potentialAction":[{"@type":"ReadAction","target":["https:\/\/www.alpacacamping.de\/content\/foerdermitglieder\/"]}]},{"@type":"BreadcrumbList","@id":"https:\/\/www.alpacacamping.de\/content\/foerdermitglieder\/#breadcrumb","itemListElement":[{"@type":"ListItem","position":1,"name":"Home","item":"https:\/\/www.alpacacamping.de\/content\/"},{"@type":"ListItem","position":2,"name":"F\u00f6rdermitglieder"}]}]}},"_links":{"self":[{"href":"https:\/\/www.alpacacamping.de\/content\/wp-json\/wp\/v2\/pages\/11698"}],"collection":[{"href":"https:\/\/www.alpacacamping.de\/content\/wp-json\/wp\/v2\/pages"}],"about":[{"href":"https:\/\/www.alpacacamping.de\/content\/wp-json\/wp\/v2\/types\/page"}],"author":[{"embeddable":true,"href":"https:\/\/www.alpacacamping.de\/content\/wp-json\/wp\/v2\/users\/1"}],"replies":[{"embeddable":true,"href":"https:\/\/www.alpacacamping.de\/content\/wp-json\/wp\/v2\/comments?post=11698"}],"version-history":[{"count":10,"href":"https:\/\/www.alpacacamping.de\/content\/wp-json\/wp\/v2\/pages\/11698\/revisions"}],"predecessor-version":[{"id":25380,"href":"https:\/\/www.alpacacamping.de\/content\/wp-json\/wp\/v2\/pages\/11698\/revisions\/25380"}],"wp:attachment":[{"href":"https:\/\/www.alpacacamping.de\/content\/wp-json\/wp\/v2\/media?parent=11698"}],"wp:term":[{"taxonomy":"category","embeddable":true,"href":"https:\/\/www.alpacacamping.de\/content\/wp-json\/wp\/v2\/categories?post=11698"}],"curies":[{"name":"wp","href":"https:\/\/api.w.org\/{rel}","templated":true}]}}